{"id":79,"date":"2022-05-25T23:58:12","date_gmt":"2022-05-25T21:58:12","guid":{"rendered":"https:\/\/fatiha2022.fr\/?page_id=79"},"modified":"2022-06-02T04:01:52","modified_gmt":"2022-06-02T02:01:52","slug":"qui-suis-je","status":"publish","type":"page","link":"https:\/\/fatiha2022.fr\/index.php\/qui-suis-je\/","title":{"rendered":"Qui suis-je?"},"content":{"rendered":"\n<h2><\/h2>\n\n\n\n<div class=\"wp-container-3 wp-block-columns alignfull are-vertically-aligned-top\">\n<div class=\"wp-container-1 wp-block-column\" style=\"flex-basis:50%\"><div class=\"wp-block-image\">\n<figure class=\"aligncenter size-full\"><img loading=\"lazy\" width=\"505\" height=\"945\" src=\"https:\/\/fatiha2022.fr\/wp-content\/uploads\/2022\/05\/2019_12_24_PrixLaicite-5.jpg\" alt=\"\" class=\"wp-image-298\" srcset=\"https:\/\/fatiha2022.fr\/wp-content\/uploads\/2022\/05\/2019_12_24_PrixLaicite-5.jpg 505w, https:\/\/fatiha2022.fr\/wp-content\/uploads\/2022\/05\/2019_12_24_PrixLaicite-5-160x300.jpg 160w\" sizes=\"(max-width: 505px) 100vw, 505px\" \/><\/figure><\/div><\/div>\n\n\n\n<div class=\"wp-container-2 wp-block-column\" style=\"flex-basis:50%\">\n<p class=\"has-normal-font-size\">Je suis n\u00e9e \u00e0 Montb\u00e9liard le 29 d\u00e9cembre 1979.<\/p>\n\n\n\n<p class=\"has-normal-font-size\">\u00catre fille d\u2019immigr\u00e9s alg\u00e9riens, seule fille parmi 7 fr\u00e8res, m\u2019a rendu tr\u00e8s t\u00f4t allergique \u00e0 toutes les in\u00e9galit\u00e9s de genre.&nbsp;<\/p>\n\n\n\n<p class=\"has-normal-font-size\">Je dois tout \u00e0 ma m\u00e8re, qui nous a \u00e9lev\u00e9s seule, et \u00e0 la R\u00e9publique, l\u2019\u00e9cole et ses enseignants d\u00e9vou\u00e9s, la solidarit\u00e9 qui m\u2019a permis de faire des \u00e9tudes et de devenir \u00e0 mon tour une enseignante d\u00e9vou\u00e9e \u00e0 la r\u00e9ussite de ses \u00e9l\u00e8ves.<\/p>\n\n\n\n<p class=\"has-normal-font-size\">Je milite au sein de la gauche r\u00e9publicaine depuis mes&nbsp;18 ans.<\/p>\n\n\n\n<p class=\"has-normal-font-size\">Je suis une f\u00e9ministe universaliste, attach\u00e9e \u00e0 la la\u00efcit\u00e9, \u00e0 l\u2019\u00e9galit\u00e9 dans la dignit\u00e9 et les opportunit\u00e9s entre les filles et les gar\u00e7ons, les femmes et les hommes.<\/p>\n\n\n\n<p class=\"has-normal-font-size\">Je passe mon CAPES et d\u00e9bute ma carri\u00e8re d\u2019enseignante au coll\u00e8ge Vauquelin, puis je suis mut\u00e9e \u00e0 Marseille o\u00f9 j\u2019enseigne dans divers coll\u00e8ges pendant 6 ans.<\/p>\n\n\n\n<p class=\"has-normal-font-size\">Je suis revenue \u00e0 Toulouse depuis 12 ans, dans le quartier de la Patte d\u2019oie.<\/p>\n\n\n\n<p class=\"has-normal-font-size\">J\u2019enseigne dans un coll\u00e8ge REP du quartier croix de pierre.<\/p>\n\n\n\n<p class=\"has-normal-font-size\">Je suis aussi essayiste, chroniqueuse \u00e0 La D\u00e9p\u00eache et \u00e0 la Revue des Deux Mondes, j\u2019interviens sur RMC et Europe 1 ainsi que sur La Cha\u00eene Parlementaire.<\/p>\n\n\n\n<p class=\"has-normal-font-size\">J\u2019ai publi\u00e9 trois essais, dont deux sont sortis en poche.<\/p>\n\n\n\n<p class=\"has-normal-font-size\">Assesseure au tribunal pour enfants de Toulouse, je suis \u00e9galement engag\u00e9e sur les questions de la protection de l\u2019enfance et milite pour retrouver une \u00e9cole publique de qualit\u00e9.<\/p>\n\n\n\n<p class=\"has-normal-font-size\">J\u2019aime la France, j\u2019aime la R\u00e9publique.<\/p>\n\n\n\n<p class=\"has-normal-font-size\">Je veux participer \u00e0 faire advenir la R\u00e9publique Sociale.<\/p>\n\n\n\n<p class=\"has-normal-font-size\">Sortir les gens de la mis\u00e8re, garantir l\u2019\u00e9galit\u00e9 des chances, lutter contre le communautarisme, le racisme et l\u2019antis\u00e9mitisme.<\/p>\n\n\n\n<p class=\"has-normal-font-size\">L\u2019\u00e9mancipation individuelle et collective constitue l\u2019ADN de la gauche.<\/p>\n\n\n\n<p class=\"has-normal-font-size\">Permettre de se r\u00e9aliser et de s\u2019\u00e9lever socialement, aussi.<\/p>\n\n\n\n<p class=\"has-normal-font-size\">Je suis la challenger dans cette \u00e9lection.<\/p>\n\n\n\n<p class=\"has-normal-font-size\">Je me pr\u00e9sente pour incarner une gauche non sectaire, non extr\u00e9miste, une gauche qui agit sur le r\u00e9el, la gauche qui a fait ses preuves telle qu&rsquo;aux Conseils d\u00e9partemental et r\u00e9gional.<\/p>\n<\/div>\n<\/div>\n\n\n\n<div class=\"wp-container-7 wp-block-columns alignfull\">\n<div class=\"wp-container-6 wp-block-column is-vertically-aligned-center\" style=\"padding-top:1em;padding-right:1em;padding-bottom:1em;padding-left:1em\">\n<div class=\"wp-container-5 wp-block-columns alignwide\">\n<div class=\"wp-container-4 wp-block-column\" style=\"flex-basis:800px\"><\/div>\n<\/div>\n<\/div>\n<\/div>\n","protected":false},"excerpt":{"rendered":"<p>Je suis n\u00e9e \u00e0 Montb\u00e9liard le 29 d\u00e9cembre 1979. \u00catre fille d\u2019immigr\u00e9s alg\u00e9riens, seule fille parmi 7 fr\u00e8res, m\u2019a rendu tr\u00e8s t\u00f4t allergique \u00e0 toutes les in\u00e9galit\u00e9s de genre.&nbsp; Je dois tout \u00e0 ma m\u00e8re, qui nous a \u00e9lev\u00e9s seule, et \u00e0 la R\u00e9publique, l\u2019\u00e9cole et ses enseignants d\u00e9vou\u00e9s, la solidarit\u00e9 qui m\u2019a permis de [&hellip;]<\/p>\n","protected":false},"author":2,"featured_media":0,"parent":0,"menu_order":0,"comment_status":"closed","ping_status":"closed","template":"","meta":[],"_links":{"self":[{"href":"https:\/\/fatiha2022.fr\/index.php\/wp-json\/wp\/v2\/pages\/79"}],"collection":[{"href":"https:\/\/fatiha2022.fr\/index.php\/wp-json\/wp\/v2\/pages"}],"about":[{"href":"https:\/\/fatiha2022.fr\/index.php\/wp-json\/wp\/v2\/types\/page"}],"author":[{"embeddable":true,"href":"https:\/\/fatiha2022.fr\/index.php\/wp-json\/wp\/v2\/users\/2"}],"replies":[{"embeddable":true,"href":"https:\/\/fatiha2022.fr\/index.php\/wp-json\/wp\/v2\/comments?post=79"}],"version-history":[{"count":19,"href":"https:\/\/fatiha2022.fr\/index.php\/wp-json\/wp\/v2\/pages\/79\/revisions"}],"predecessor-version":[{"id":411,"href":"https:\/\/fatiha2022.fr\/index.php\/wp-json\/wp\/v2\/pages\/79\/revisions\/411"}],"wp:attachment":[{"href":"https:\/\/fatiha2022.fr\/index.php\/wp-json\/wp\/v2\/media?parent=79"}],"curies":[{"name":"wp","href":"https:\/\/api.w.org\/{rel}","templated":true}]}}