{"id":331,"date":"2022-05-30T02:16:12","date_gmt":"2022-05-30T00:16:12","guid":{"rendered":"https:\/\/fatiha2022.fr\/?page_id=331"},"modified":"2022-10-07T19:34:51","modified_gmt":"2022-10-07T17:34:51","slug":"videos","status":"publish","type":"page","link":"https:\/\/fatiha2022.fr\/index.php\/videos\/","title":{"rendered":"Conf\u00e9rences &#038; Entretiens"},"content":{"rendered":"\n<figure class=\"wp-block-embed is-type-video is-provider-youtube wp-block-embed-youtube wp-embed-aspect-16-9 wp-has-aspect-ratio\"><div class=\"wp-block-embed__wrapper\">\n<iframe loading=\"lazy\" title=\"Duel \u00e0 la Commission des Finances : le d\u00e9bat de Fatiha Agag Boudjahlat et Jean-Christophe Gallien\" width=\"580\" height=\"326\" src=\"https:\/\/www.youtube.com\/embed\/q0BqRVdjhxo?feature=oembed\" frameborder=\"0\" allow=\"accelerometer; autoplay; clipboard-write; encrypted-media; gyroscope; picture-in-picture\" allowfullscreen><\/iframe>\n<\/div><\/figure>\n\n\n\n<figure class=\"wp-block-image size-large\"><a href=\"https:\/\/www.europe1.fr\/emissions\/Le-club-de-la-presse\/emmanuel-macron-a-kiev-le-debat-de-charlotte-dornellas-david-revault-dallonnes-et-fatiha-agag-boudjahlat-4117815\" target=\"_blank\" rel=\"noreferrer noopener\"><img loading=\"lazy\" width=\"1024\" height=\"692\" src=\"https:\/\/fatiha2022.fr\/wp-content\/uploads\/2022\/07\/2022_06_16_Europe1-1024x692.png\" alt=\"\" class=\"wp-image-614\" srcset=\"https:\/\/fatiha2022.fr\/wp-content\/uploads\/2022\/07\/2022_06_16_Europe1-1024x692.png 1024w, https:\/\/fatiha2022.fr\/wp-content\/uploads\/2022\/07\/2022_06_16_Europe1-300x203.png 300w, https:\/\/fatiha2022.fr\/wp-content\/uploads\/2022\/07\/2022_06_16_Europe1-768x519.png 768w, https:\/\/fatiha2022.fr\/wp-content\/uploads\/2022\/07\/2022_06_16_Europe1.png 1160w\" sizes=\"(max-width: 1024px) 100vw, 1024px\" \/><\/a><\/figure>\n\n\n\n<figure class=\"wp-block-image size-large\"><a href=\"https:\/\/www.sqooltv.com\/playlist\/le-grand-jt-de-leducation\/?video=1840\" target=\"_blank\" rel=\"noreferrer noopener\"><img loading=\"lazy\" width=\"656\" height=\"1024\" src=\"https:\/\/fatiha2022.fr\/wp-content\/uploads\/2022\/06\/2022_06_06_Sqooltv-656x1024.jpg\" alt=\"\" class=\"wp-image-583\" srcset=\"https:\/\/fatiha2022.fr\/wp-content\/uploads\/2022\/06\/2022_06_06_Sqooltv-656x1024.jpg 656w, https:\/\/fatiha2022.fr\/wp-content\/uploads\/2022\/06\/2022_06_06_Sqooltv-192x300.jpg 192w, https:\/\/fatiha2022.fr\/wp-content\/uploads\/2022\/06\/2022_06_06_Sqooltv-768x1198.jpg 768w, https:\/\/fatiha2022.fr\/wp-content\/uploads\/2022\/06\/2022_06_06_Sqooltv-984x1536.jpg 984w, https:\/\/fatiha2022.fr\/wp-content\/uploads\/2022\/06\/2022_06_06_Sqooltv.jpg 1080w\" sizes=\"(max-width: 656px) 100vw, 656px\" \/><\/a><\/figure>\n\n\n\n<p><\/p>\n\n\n\n<p><a href=\"https:\/\/www.europe1.fr\/emissions\/Le-club-de-la-presse\/composition-du-nouveau-gouvernement-delisabeth-borne-le-debat-de-charlotte-dornellas-david-revault-dallonnes-et-fatiha-agag-boudjahlat-4112338\">https:\/\/www.europe1.fr\/emissions\/Le-club-de-la-presse\/composition-du-nouveau-gouvernement-delisabeth-borne-le-debat-de-charlotte-dornellas-david-revault-dallonnes-et-fatiha-agag-boudjahlat-4112338<\/a><\/p>\n\n\n\n<figure class=\"wp-block-embed is-type-rich is-provider-twitter wp-block-embed-twitter\"><div class=\"wp-block-embed__wrapper\">\n<blockquote class=\"twitter-tweet\" data-width=\"550\" data-dnt=\"true\"><p lang=\"fr\" dir=\"ltr\">&quot;Si vous \u00eates racis\u00e9, on va sommer les femmes de se taire, de ne pas porter plainte, pour ne pas apporter de l&#39;eau au moulin de l&#39;extr\u00eame-droite&quot; : Fatiha <a href=\"https:\/\/twitter.com\/AgagBoudjahlat?ref_src=twsrc%5Etfw\">@AgagBoudjahlat<\/a> revient sur l&#39;affaire Taha Bouhafs, et son traitement par La France insoumise. <a href=\"https:\/\/twitter.com\/hashtag\/CVR?src=hash&amp;ref_src=twsrc%5Etfw\">#CVR<\/a> <a href=\"https:\/\/t.co\/48GJTjgYTv\">pic.twitter.com\/48GJTjgYTv<\/a><\/p>&mdash; LCP (@LCP) <a href=\"https:\/\/twitter.com\/LCP\/status\/1526997416393703426?ref_src=twsrc%5Etfw\">May 18, 2022<\/a><\/blockquote><script async src=\"https:\/\/platform.twitter.com\/widgets.js\" charset=\"utf-8\"><\/script>\n<\/div><\/figure>\n\n\n\n<figure class=\"wp-block-image size-full\"><a href=\"https:\/\/amp.lefigaro.fr\/story\/le-burkini-cest-lalliance-du-separatisme-et-de-la-segregation-sexuelle-15133\" target=\"_blank\" rel=\"noreferrer noopener\"><img loading=\"lazy\" width=\"909\" height=\"1024\" src=\"https:\/\/fatiha2022.fr\/wp-content\/uploads\/2022\/07\/2022_05_18_Burkini.jpg\" alt=\"\" class=\"wp-image-654\" srcset=\"https:\/\/fatiha2022.fr\/wp-content\/uploads\/2022\/07\/2022_05_18_Burkini.jpg 909w, https:\/\/fatiha2022.fr\/wp-content\/uploads\/2022\/07\/2022_05_18_Burkini-266x300.jpg 266w, https:\/\/fatiha2022.fr\/wp-content\/uploads\/2022\/07\/2022_05_18_Burkini-768x865.jpg 768w\" sizes=\"(max-width: 909px) 100vw, 909px\" \/><\/a><\/figure>\n\n\n\n<figure class=\"wp-block-image size-large\"><a href=\"https:\/\/www.europe1.fr\/emissions\/Le-club-de-la-presse\/absence-de-jean-luc-melenchon-aux-legislatives-le-debat-de-charlotte-dornellas-david-revault-dallonnes-et-fatiha-agag-boudjahlat-4110966.amp\" target=\"_blank\" rel=\"noreferrer noopener\"><img loading=\"lazy\" width=\"1024\" height=\"775\" src=\"https:\/\/fatiha2022.fr\/wp-content\/uploads\/2022\/07\/2022_05_12_Europe1-1024x775.png\" alt=\"\" class=\"wp-image-687\" srcset=\"https:\/\/fatiha2022.fr\/wp-content\/uploads\/2022\/07\/2022_05_12_Europe1-1024x775.png 1024w, https:\/\/fatiha2022.fr\/wp-content\/uploads\/2022\/07\/2022_05_12_Europe1-300x227.png 300w, https:\/\/fatiha2022.fr\/wp-content\/uploads\/2022\/07\/2022_05_12_Europe1-768x581.png 768w, https:\/\/fatiha2022.fr\/wp-content\/uploads\/2022\/07\/2022_05_12_Europe1.png 1147w\" sizes=\"(max-width: 1024px) 100vw, 1024px\" \/><\/a><\/figure>\n\n\n\n<figure class=\"wp-block-embed is-type-video is-provider-youtube wp-block-embed-youtube wp-embed-aspect-16-9 wp-has-aspect-ratio\"><div class=\"wp-block-embed__wrapper\">\n<iframe loading=\"lazy\" title=\"Burkini \u00e0 Grenoble : quid de l&#039;islam politique ? Fatiha Agag-Boudjahlat au micro d\u2019Ilana Ferhadian\" width=\"580\" height=\"326\" src=\"https:\/\/www.youtube.com\/embed\/fBMKTLUBTQE?feature=oembed\" frameborder=\"0\" allow=\"accelerometer; autoplay; clipboard-write; encrypted-media; gyroscope; picture-in-picture\" allowfullscreen><\/iframe>\n<\/div><\/figure>\n\n\n\n<figure class=\"wp-block-embed is-type-video is-provider-youtube wp-block-embed-youtube wp-embed-aspect-16-9 wp-has-aspect-ratio\"><div class=\"wp-block-embed__wrapper\">\n<iframe loading=\"lazy\" title=\"S\u00e9paratisme et La\u00efcit\u00e9s: Fatiha Agag Boudjahlat\" width=\"580\" height=\"326\" src=\"https:\/\/www.youtube.com\/embed\/gLSLwdtQz_8?feature=oembed\" frameborder=\"0\" allow=\"accelerometer; autoplay; clipboard-write; encrypted-media; gyroscope; picture-in-picture\" allowfullscreen><\/iframe>\n<\/div><\/figure>\n\n\n\n<figure class=\"wp-block-image size-full\"><a href=\"https:\/\/fb.watch\/djCKRMOqY-\/\" target=\"_blank\" rel=\"noreferrer noopener\"><img loading=\"lazy\" width=\"687\" height=\"458\" src=\"https:\/\/fatiha2022.fr\/wp-content\/uploads\/2022\/07\/2022_04_01_Bruxelles_EcoleEtLaicite-2.png\" alt=\"\" class=\"wp-image-653\" srcset=\"https:\/\/fatiha2022.fr\/wp-content\/uploads\/2022\/07\/2022_04_01_Bruxelles_EcoleEtLaicite-2.png 687w, https:\/\/fatiha2022.fr\/wp-content\/uploads\/2022\/07\/2022_04_01_Bruxelles_EcoleEtLaicite-2-300x200.png 300w\" sizes=\"(max-width: 687px) 100vw, 687px\" \/><\/a><\/figure>\n\n\n\n<div class=\"wp-block-media-text alignwide is-stacked-on-mobile\"><figure class=\"wp-block-media-text__media\"><img loading=\"lazy\" width=\"752\" height=\"1024\" src=\"https:\/\/fatiha2022.fr\/wp-content\/uploads\/2022\/05\/22-mars-1-752x1024.jpg\" alt=\"\" class=\"wp-image-336 size-full\" srcset=\"https:\/\/fatiha2022.fr\/wp-content\/uploads\/2022\/05\/22-mars-1-752x1024.jpg 752w, https:\/\/fatiha2022.fr\/wp-content\/uploads\/2022\/05\/22-mars-1-220x300.jpg 220w, https:\/\/fatiha2022.fr\/wp-content\/uploads\/2022\/05\/22-mars-1-768x1046.jpg 768w, https:\/\/fatiha2022.fr\/wp-content\/uploads\/2022\/05\/22-mars-1.jpg 1077w\" sizes=\"(max-width: 752px) 100vw, 752px\" \/><\/figure><div class=\"wp-block-media-text__content\">\n<p class=\"has-large-font-size\">Comm\u00e9moration des 10 ans des attentats islamistes de Toulouse et Montauban.<\/p>\n\n\n\n<p>Texte de l&rsquo;intervention lors de la comm\u00e9moration de l\u2019attentat contre Ozar Torah :  <a href=\"https:\/\/www.marianne.net\/agora\/tribunes-libres\/jai-peur-que-mes-eleves-sidentifient-au-tueur-lhommage-de-fatiha-boudjahlat-aux-victimes-de-merah\">https:\/\/www.marianne.net\/agora\/tribunes-libres\/jai-peur-que-mes-eleves-sidentifient-au-tueur-lhommage-de-fatiha-boudjahlat-aux-victimes-de-merah<\/a><\/p>\n<\/div><\/div>\n\n\n\n<figure class=\"wp-block-embed is-type-video is-provider-youtube wp-block-embed-youtube wp-embed-aspect-16-9 wp-has-aspect-ratio\"><div class=\"wp-block-embed__wrapper\">\n<iframe loading=\"lazy\" title=\"Logement : le d\u00e9bat de Robin Rivaton, Charlotte d\u2019Ornellas et Fatiha Agag-Boudjahlat\" width=\"580\" height=\"326\" src=\"https:\/\/www.youtube.com\/embed\/IL30nauALiE?feature=oembed\" frameborder=\"0\" allow=\"accelerometer; autoplay; clipboard-write; encrypted-media; gyroscope; picture-in-picture\" allowfullscreen><\/iframe>\n<\/div><\/figure>\n\n\n\n<figure class=\"wp-block-image size-large\"><a href=\"https:\/\/lcp.fr\/programmes\/ca-vous-regarde\/parrainages-pour-2022-un-systeme-a-revoir-99336\" target=\"_blank\" rel=\"noreferrer noopener\"><img loading=\"lazy\" width=\"1024\" height=\"764\" src=\"https:\/\/fatiha2022.fr\/wp-content\/uploads\/2022\/06\/2022_02_17_LCP_CVR-1-1024x764.png\" alt=\"\" class=\"wp-image-525\" srcset=\"https:\/\/fatiha2022.fr\/wp-content\/uploads\/2022\/06\/2022_02_17_LCP_CVR-1-1024x764.png 1024w, https:\/\/fatiha2022.fr\/wp-content\/uploads\/2022\/06\/2022_02_17_LCP_CVR-1-300x224.png 300w, https:\/\/fatiha2022.fr\/wp-content\/uploads\/2022\/06\/2022_02_17_LCP_CVR-1-768x573.png 768w, https:\/\/fatiha2022.fr\/wp-content\/uploads\/2022\/06\/2022_02_17_LCP_CVR-1.png 1064w\" sizes=\"(max-width: 1024px) 100vw, 1024px\" \/><\/a><figcaption>\u00e0 50mn<\/figcaption><\/figure>\n\n\n\n<figure class=\"wp-block-embed is-type-video is-provider-dailymotion wp-block-embed-dailymotion wp-embed-aspect-16-9 wp-has-aspect-ratio\"><div class=\"wp-block-embed__wrapper\">\n<iframe loading=\"lazy\" title=\"Dette publique : le d\u00e9bat de Charlotte d\u2019Ornellas, David Revault d&#039;Allonnes et Fatiha Agag-Boudjahlat\" frameborder=\"0\" width=\"580\" height=\"326\" src=\"https:\/\/www.dailymotion.com\/embed\/video\/x87yxou?pubtool=oembed\" allowfullscreen allow=\"autoplay\"><\/iframe>\n<\/div><\/figure>\n\n\n\n<figure class=\"wp-block-embed is-type-video is-provider-dailymotion wp-block-embed-dailymotion wp-embed-aspect-16-9 wp-has-aspect-ratio\"><div class=\"wp-block-embed__wrapper\">\n<iframe loading=\"lazy\" title=\"Les fortes t\u00eates : \u00cates-vous passionn\u00e9s par la pr\u00e9sidentielle ? - 04\/02\" frameborder=\"0\" width=\"580\" height=\"326\" src=\"https:\/\/www.dailymotion.com\/embed\/video\/x87lpvh?pubtool=oembed\" allowfullscreen allow=\"autoplay\"><\/iframe>\n<\/div><\/figure>\n\n\n\n<figure class=\"wp-block-embed is-type-video is-provider-youtube wp-block-embed-youtube wp-embed-aspect-16-9 wp-has-aspect-ratio\"><div class=\"wp-block-embed__wrapper\">\n<iframe loading=\"lazy\" title=\"S\u00e9curit\u00e9 : le d\u00e9bat de Charlotte d\u2019Ornellas, David Revault d&#039;Allonnes et Fatiha Agag-Boudjahlat\" width=\"580\" height=\"326\" src=\"https:\/\/www.youtube.com\/embed\/qSN5UM96B4s?feature=oembed\" frameborder=\"0\" allow=\"accelerometer; autoplay; clipboard-write; encrypted-media; gyroscope; picture-in-picture\" allowfullscreen><\/iframe>\n<\/div><\/figure>\n\n\n\n<figure class=\"wp-block-embed is-type-video is-provider-dailymotion wp-block-embed-dailymotion wp-embed-aspect-16-9 wp-has-aspect-ratio\"><div class=\"wp-block-embed__wrapper\">\n<iframe loading=\"lazy\" title=\"Inflation : le d\u00e9bat de Charlotte d\u2019Ornellas, David Revault d&#039;Allonnes et Fatiha Agag-Boudjahlat\" frameborder=\"0\" width=\"580\" height=\"326\" src=\"https:\/\/www.dailymotion.com\/embed\/video\/x87cxvc?pubtool=oembed\" allowfullscreen allow=\"autoplay\"><\/iframe>\n<\/div><\/figure>\n\n\n\n<figure class=\"wp-block-embed is-type-video is-provider-dailymotion wp-block-embed-dailymotion wp-embed-aspect-16-9 wp-has-aspect-ratio\"><div class=\"wp-block-embed__wrapper\">\n<iframe loading=\"lazy\" title=\"Fatiha Agag-Boudjahlat : \u00abQuand on dit &quot;on est chez nous&quot;, il faut le montrer\u00bb\" frameborder=\"0\" width=\"580\" height=\"326\" src=\"https:\/\/www.dailymotion.com\/embed\/video\/x86f1ww?pubtool=oembed\" allowfullscreen allow=\"autoplay\"><\/iframe>\n<\/div><\/figure>\n\n\n\n<figure class=\"wp-block-embed is-type-video is-provider-dailymotion wp-block-embed-dailymotion wp-embed-aspect-16-9 wp-has-aspect-ratio\"><div class=\"wp-block-embed__wrapper\">\n<iframe loading=\"lazy\" title=\"\u00c9cole : le d\u00e9bat de Charlotte d\u2019Ornellas, David Revault d&#039;Allonnes et Fatiha Agag-Boudjahlat\" frameborder=\"0\" width=\"580\" height=\"326\" src=\"https:\/\/www.dailymotion.com\/embed\/video\/x877ph0?pubtool=oembed\" allowfullscreen allow=\"autoplay\"><\/iframe>\n<\/div><\/figure>\n\n\n\n<figure class=\"wp-block-embed is-type-rich is-provider-twitter wp-block-embed-twitter\"><div class=\"wp-block-embed__wrapper\">\n<blockquote class=\"twitter-tweet\" data-width=\"550\" data-dnt=\"true\"><p lang=\"fr\" dir=\"ltr\">&quot;Une incroyable r\u00e9gression&quot;, d\u00e9nonce <a href=\"https:\/\/twitter.com\/AgagBoudjahlat?ref_src=twsrc%5Etfw\">@AgagBoudjahlat<\/a> \u00e0 propos de l&#39;intention de Yannick Jadot, s&#39;il \u00e9tait \u00e9lu, d&#39;abroger la loi de 2016 visant \u00e0 lutter contre le syst\u00e8me prostitutionnel. &gt;&gt; &quot;La prostitution rel\u00e8ve de la traite humaine, c&#39;est du viol tarif\u00e9&quot;. <a href=\"https:\/\/twitter.com\/hashtag\/CVR?src=hash&amp;ref_src=twsrc%5Etfw\">#CVR<\/a> <a href=\"https:\/\/t.co\/bD3OxAnbUD\">pic.twitter.com\/bD3OxAnbUD<\/a><\/p>&mdash; LCP (@LCP) <a href=\"https:\/\/twitter.com\/LCP\/status\/1469025644805824513?ref_src=twsrc%5Etfw\">December 9, 2021<\/a><\/blockquote><script async src=\"https:\/\/platform.twitter.com\/widgets.js\" charset=\"utf-8\"><\/script>\n<\/div><\/figure>\n\n\n\n<p><\/p>\n\n\n\n<figure class=\"wp-block-embed is-type-rich is-provider-twitter wp-block-embed-twitter\"><div class=\"wp-block-embed__wrapper\">\n<blockquote class=\"twitter-tweet\" data-width=\"550\" data-dnt=\"true\"><p lang=\"fr\" dir=\"ltr\">\u00abDes professeurs n&#39;osent pas dire qu&#39;ils ont \u00e9t\u00e9 molest\u00e9s\u00bb<br><br>Agression d\u2019un professeur par un lyc\u00e9en \u00e0 Combs-la-Ville, un autre pass\u00e9 \u00e0 tabac \u00e0 Lyon\u2026 Selon l\u2019enseignante Fatiha <a href=\"https:\/\/twitter.com\/AgagBoudjahlat?ref_src=twsrc%5Etfw\">@AgagBoudjahlat<\/a>, cette violence est notamment la cons\u00e9quence des \u00abl\u00e2chet\u00e9s\u00bb de l\u2019\u00c9ducation nationale. <a href=\"https:\/\/t.co\/M6i2aWadZS\">pic.twitter.com\/M6i2aWadZS<\/a><\/p>&mdash; Le Figaro (@Le_Figaro) <a href=\"https:\/\/twitter.com\/Le_Figaro\/status\/1453388554399358995?ref_src=twsrc%5Etfw\">October 27, 2021<\/a><\/blockquote><script async src=\"https:\/\/platform.twitter.com\/widgets.js\" charset=\"utf-8\"><\/script>\n<\/div><\/figure>\n\n\n\n<figure class=\"wp-block-embed is-type-rich is-provider-twitter wp-block-embed-twitter\"><div class=\"wp-block-embed__wrapper\">\n<blockquote class=\"twitter-tweet\" data-width=\"550\" data-dnt=\"true\"><p lang=\"fr\" dir=\"ltr\">Campagne pol\u00e9mique du Conseil de l&#39;Europe : &quot;Elle brasse les \u00e9l\u00e9ments de communication girly et les \u00e9l\u00e9ments de langage des islamistes&quot;, estime AgagBoudjahlat, &quot;la religion ce n&#39;est pas l&#39;identit\u00e9 irr\u00e9ductible des femmes, la religion est un choix.&quot; <a href=\"https:\/\/twitter.com\/hashtag\/CVR?src=hash&amp;ref_src=twsrc%5Etfw\">#CVR<\/a> <a href=\"https:\/\/t.co\/wIItrvfa9H\">pic.twitter.com\/wIItrvfa9H<\/a><\/p>&mdash; LCP (@LCP) <a href=\"https:\/\/twitter.com\/LCP\/status\/1456364414576246786?ref_src=twsrc%5Etfw\">November 4, 2021<\/a><\/blockquote><script async src=\"https:\/\/platform.twitter.com\/widgets.js\" charset=\"utf-8\"><\/script>\n<\/div><figcaption>R\u00e9ponse \u00e0 Sandrine Rousseau qui qualifie le voile de potentiel \u00ab embellissement \u00bb<\/figcaption><\/figure>\n\n\n\n<figure class=\"wp-block-image size-large\"><a href=\"https:\/\/www.francetvinfo.fr\/replay-radio\/8h30-fauvelle-dely\/assassinat-de-samuel-paty-echange-entre-la-secretaire-d-etat-a-la-jeunesse-et-une-professeure-d-histoire-geographie_4792083.html\" target=\"_blank\" rel=\"noreferrer noopener\"><img loading=\"lazy\" width=\"663\" height=\"1024\" src=\"https:\/\/fatiha2022.fr\/wp-content\/uploads\/2022\/06\/2021_10_16_FrInfo-663x1024.jpg\" alt=\"\" class=\"wp-image-514\" srcset=\"https:\/\/fatiha2022.fr\/wp-content\/uploads\/2022\/06\/2021_10_16_FrInfo-663x1024.jpg 663w, https:\/\/fatiha2022.fr\/wp-content\/uploads\/2022\/06\/2021_10_16_FrInfo-194x300.jpg 194w, https:\/\/fatiha2022.fr\/wp-content\/uploads\/2022\/06\/2021_10_16_FrInfo-768x1186.jpg 768w, https:\/\/fatiha2022.fr\/wp-content\/uploads\/2022\/06\/2021_10_16_FrInfo-995x1536.jpg 995w, https:\/\/fatiha2022.fr\/wp-content\/uploads\/2022\/06\/2021_10_16_FrInfo.jpg 1076w\" sizes=\"(max-width: 663px) 100vw, 663px\" \/><\/a><\/figure>\n\n\n\n<figure class=\"wp-block-image size-full\"><a href=\"https:\/\/twitter.com\/i\/status\/1449072270517886978\" target=\"_blank\" rel=\"noreferrer noopener\"><img loading=\"lazy\" width=\"822\" height=\"1024\" src=\"https:\/\/fatiha2022.fr\/wp-content\/uploads\/2022\/07\/2021_10_15_CorbieresMainsSales.jpg\" alt=\"\" class=\"wp-image-651\" srcset=\"https:\/\/fatiha2022.fr\/wp-content\/uploads\/2022\/07\/2021_10_15_CorbieresMainsSales.jpg 822w, https:\/\/fatiha2022.fr\/wp-content\/uploads\/2022\/07\/2021_10_15_CorbieresMainsSales-241x300.jpg 241w, https:\/\/fatiha2022.fr\/wp-content\/uploads\/2022\/07\/2021_10_15_CorbieresMainsSales-768x957.jpg 768w\" sizes=\"(max-width: 822px) 100vw, 822px\" \/><\/a><\/figure>\n\n\n\n<figure class=\"wp-block-embed is-type-video is-provider-dailymotion wp-block-embed-dailymotion wp-embed-aspect-16-9 wp-has-aspect-ratio\"><div class=\"wp-block-embed__wrapper\">\n<iframe loading=\"lazy\" title=\"Face \u00e0 Apolline : Fatiha Agag-Boudjahlat - 14\/10\" frameborder=\"0\" width=\"580\" height=\"326\" src=\"https:\/\/www.dailymotion.com\/embed\/video\/x84ujbk?pubtool=oembed\" allowfullscreen allow=\"autoplay\"><\/iframe>\n<\/div><\/figure>\n\n\n\n<figure class=\"wp-block-embed is-type-rich is-provider-twitter wp-block-embed-twitter\"><div class=\"wp-block-embed__wrapper\">\n<blockquote class=\"twitter-tweet\" data-width=\"550\" data-dnt=\"true\"><p lang=\"fr\" dir=\"ltr\">&quot;Ce soir (&#8230;) j&#39;ai envie de d\u00e9signer les mains sales qui sont, selon moi, coresponsables de la mort de mon coll\u00e8gue (&#8230;) il y eu Fran\u00e7ois H\u00e9ran (&#8230;) qui rend <a href=\"https:\/\/twitter.com\/hashtag\/SamuelPaty?src=hash&amp;ref_src=twsrc%5Etfw\">#SamuelPaty<\/a> responsable de sa mort. Qui dit qu&#39;il a eu tort d&#39;utiliser la caricature&quot;, dit <a href=\"https:\/\/twitter.com\/AgagBoudjahlat?ref_src=twsrc%5Etfw\">@AgagBoudjahlat<\/a>. <a href=\"https:\/\/twitter.com\/hashtag\/CVR?src=hash&amp;ref_src=twsrc%5Etfw\">#CVR<\/a> <a href=\"https:\/\/t.co\/gVo8GkXONs\">pic.twitter.com\/gVo8GkXONs<\/a><\/p>&mdash; LCP (@LCP) <a href=\"https:\/\/twitter.com\/LCP\/status\/1448727027234873351?ref_src=twsrc%5Etfw\">October 14, 2021<\/a><\/blockquote><script async src=\"https:\/\/platform.twitter.com\/widgets.js\" charset=\"utf-8\"><\/script>\n<\/div><\/figure>\n\n\n\n<figure class=\"wp-block-embed is-type-rich is-provider-twitter wp-block-embed-twitter\"><div class=\"wp-block-embed__wrapper\">\n<blockquote class=\"twitter-tweet\" data-width=\"550\" data-dnt=\"true\"><p lang=\"fr\" dir=\"ltr\">L&#39;imam du quartier Empalot \u00e0 Toulouse, Mohamed Tata\u00ef, qui \u00e9tait poursuivi pour incitation \u00e0 la haine raciale contre les Juifs suite \u00e0 un pr\u00eache donn\u00e9 en d\u00e9cembre 2017, a \u00e9t\u00e9 relax\u00e9 \u00e0 la mi-septembre. Dans <a href=\"https:\/\/twitter.com\/hashtag\/CVR?src=hash&amp;ref_src=twsrc%5Etfw\">#CVR<\/a>, <a href=\"https:\/\/twitter.com\/AgagBoudjahlat?ref_src=twsrc%5Etfw\">@AgagBoudjahlat<\/a> d\u00e9nonce cette d\u00e9cision de justice. <a href=\"https:\/\/t.co\/hS8rrwnMnU\">pic.twitter.com\/hS8rrwnMnU<\/a><\/p>&mdash; LCP (@LCP) <a href=\"https:\/\/twitter.com\/LCP\/status\/1443647986278481926?ref_src=twsrc%5Etfw\">September 30, 2021<\/a><\/blockquote><script async src=\"https:\/\/platform.twitter.com\/widgets.js\" charset=\"utf-8\"><\/script>\n<\/div><\/figure>\n\n\n\n<figure class=\"wp-block-embed is-type-rich is-provider-twitter wp-block-embed-twitter\"><div class=\"wp-block-embed__wrapper\">\n<blockquote class=\"twitter-tweet\" data-width=\"550\" data-dnt=\"true\"><p lang=\"fr\" dir=\"ltr\">&quot;Quand on est fran\u00e7ais, on est fran\u00e7ais, point. Ni bon, ni mauvais.&quot;<a href=\"https:\/\/twitter.com\/AgagBoudjahlat?ref_src=twsrc%5Etfw\">@AgagBoudjahlat<\/a> revient sur les propos d&#39;\u00c9ric <a href=\"https:\/\/twitter.com\/hashtag\/Zemmour?src=hash&amp;ref_src=twsrc%5Etfw\">#Zemmour<\/a> et rappelle &quot;qu&#39;\u00e0 part les naturalis\u00e9s, (&#8230;) les Fran\u00e7ais par le droit du sang ou par le droit du sol se sont juste donn\u00e9 la peine de na\u00eetre.&quot; <a href=\"https:\/\/twitter.com\/hashtag\/CVR?src=hash&amp;ref_src=twsrc%5Etfw\">#CVR<\/a> <a href=\"https:\/\/t.co\/2T2GCUuRCH\">pic.twitter.com\/2T2GCUuRCH<\/a><\/p>&mdash; LCP (@LCP) <a href=\"https:\/\/twitter.com\/LCP\/status\/1441111628993294342?ref_src=twsrc%5Etfw\">September 23, 2021<\/a><\/blockquote><script async src=\"https:\/\/platform.twitter.com\/widgets.js\" charset=\"utf-8\"><\/script>\n<\/div><\/figure>\n\n\n<div class=\"wp-block-image\">\n<figure class=\"aligncenter size-full\"><img loading=\"lazy\" width=\"929\" height=\"683\" src=\"https:\/\/fatiha2022.fr\/wp-content\/uploads\/2022\/07\/2021_07_11_itw-cnews.png\" alt=\"\" class=\"wp-image-649\" srcset=\"https:\/\/fatiha2022.fr\/wp-content\/uploads\/2022\/07\/2021_07_11_itw-cnews.png 929w, https:\/\/fatiha2022.fr\/wp-content\/uploads\/2022\/07\/2021_07_11_itw-cnews-300x221.png 300w, https:\/\/fatiha2022.fr\/wp-content\/uploads\/2022\/07\/2021_07_11_itw-cnews-768x565.png 768w\" sizes=\"(max-width: 929px) 100vw, 929px\" \/><\/figure><\/div>\n\n\n<figure class=\"wp-block-image size-large\"><a href=\"https:\/\/lcp.fr\/programmes\/ca-vous-regarde\/entreprises-le-quota-est-il-l-avenir-de-la-femme-63429\" target=\"_blank\" rel=\"noreferrer noopener\"><img loading=\"lazy\" width=\"855\" height=\"1024\" src=\"https:\/\/fatiha2022.fr\/wp-content\/uploads\/2022\/06\/2021_05_12_LCP_CVR-855x1024.jpg\" alt=\"\" class=\"wp-image-529\" srcset=\"https:\/\/fatiha2022.fr\/wp-content\/uploads\/2022\/06\/2021_05_12_LCP_CVR-855x1024.jpg 855w, https:\/\/fatiha2022.fr\/wp-content\/uploads\/2022\/06\/2021_05_12_LCP_CVR-251x300.jpg 251w, https:\/\/fatiha2022.fr\/wp-content\/uploads\/2022\/06\/2021_05_12_LCP_CVR-768x920.jpg 768w, https:\/\/fatiha2022.fr\/wp-content\/uploads\/2022\/06\/2021_05_12_LCP_CVR.jpg 1078w\" sizes=\"(max-width: 855px) 100vw, 855px\" \/><\/a><\/figure>\n\n\n\n<figure class=\"wp-block-image size-full\"><a href=\"https:\/\/frontpopulaire.fr\/o\/Author\/au511045\/fatiha-agag-boudjahlat\" target=\"_blank\" rel=\"noreferrer noopener\"><img loading=\"lazy\" width=\"473\" height=\"691\" src=\"https:\/\/fatiha2022.fr\/wp-content\/uploads\/2022\/07\/2021_05_08_FrontPopulaire.png\" alt=\"\" class=\"wp-image-618\" srcset=\"https:\/\/fatiha2022.fr\/wp-content\/uploads\/2022\/07\/2021_05_08_FrontPopulaire.png 473w, https:\/\/fatiha2022.fr\/wp-content\/uploads\/2022\/07\/2021_05_08_FrontPopulaire-205x300.png 205w\" sizes=\"(max-width: 473px) 100vw, 473px\" \/><\/a><\/figure>\n\n\n\n<figure class=\"wp-block-embed is-type-video is-provider-youtube wp-block-embed-youtube wp-embed-aspect-16-9 wp-has-aspect-ratio\"><div class=\"wp-block-embed__wrapper\">\n<iframe loading=\"lazy\" title=\"Les enfants d\u2019Abraham : Jacqueline Eustache Brinio, Fatima Agag Boudjalhat et Judith Waintraub\" width=\"580\" height=\"326\" src=\"https:\/\/www.youtube.com\/embed\/1JAV56CAnw0?feature=oembed\" frameborder=\"0\" allow=\"accelerometer; autoplay; clipboard-write; encrypted-media; gyroscope; picture-in-picture\" allowfullscreen><\/iframe>\n<\/div><\/figure>\n\n\n\n<p><\/p>\n\n\n\n<p>19 avril 2021<\/p>\n\n\n\n<figure class=\"wp-block-embed is-type-video is-provider-youtube wp-block-embed-youtube wp-embed-aspect-16-9 wp-has-aspect-ratio\"><div class=\"wp-block-embed__wrapper\">\n<iframe loading=\"lazy\" title=\"Le Point des id\u00e9es #14 (partie 1) : avec Fatiha Agag-Boudjahlat\" width=\"580\" height=\"326\" src=\"https:\/\/www.youtube.com\/embed\/ISJBdo7SEgk?feature=oembed\" frameborder=\"0\" allow=\"accelerometer; autoplay; clipboard-write; encrypted-media; gyroscope; picture-in-picture\" allowfullscreen><\/iframe>\n<\/div><\/figure>\n\n\n\n<figure class=\"wp-block-embed is-type-video is-provider-dailymotion wp-block-embed-dailymotion wp-embed-aspect-16-9 wp-has-aspect-ratio\"><div class=\"wp-block-embed__wrapper\">\n<iframe loading=\"lazy\" title=\"T\u00e9moin RMC : Fatiha Agag-Boudjahlat - 16\/04\" frameborder=\"0\" width=\"580\" height=\"326\" src=\"https:\/\/www.dailymotion.com\/embed\/video\/x80nsvb?pubtool=oembed\" allowfullscreen allow=\"autoplay\"><\/iframe>\n<\/div><\/figure>\n\n\n\n<figure class=\"wp-block-embed is-type-video is-provider-youtube wp-block-embed-youtube wp-embed-aspect-16-9 wp-has-aspect-ratio\"><div class=\"wp-block-embed__wrapper\">\n<iframe loading=\"lazy\" title=\"Fatiha Agag-Boudjahlat &quot;Fantasmer sur la guerre d&#039;Alg\u00e9rie, se victimiser, c&#039;est un juteux business&quot;\" width=\"580\" height=\"326\" src=\"https:\/\/www.youtube.com\/embed\/wZSDzeXgizo?feature=oembed\" frameborder=\"0\" allow=\"accelerometer; autoplay; clipboard-write; encrypted-media; gyroscope; picture-in-picture\" allowfullscreen><\/iframe>\n<\/div><\/figure>\n\n\n\n<figure class=\"wp-block-embed is-type-video is-provider-dailymotion wp-block-embed-dailymotion wp-embed-aspect-16-9 wp-has-aspect-ratio\"><div class=\"wp-block-embed__wrapper\">\n<iframe loading=\"lazy\" title=\"Fatiha Boudjahlat : \u00abCela suffit de subventionner des associations qui sont autant dans le s\u00e9paratisme et le ressentiment\u00bb\" frameborder=\"0\" width=\"580\" height=\"326\" src=\"https:\/\/www.dailymotion.com\/embed\/video\/x7zry47?pubtool=oembed\" allowfullscreen allow=\"autoplay\"><\/iframe>\n<\/div><\/figure>\n\n\n\n<p>19 f\u00e9v 2021<\/p>\n\n\n\n<figure class=\"wp-block-embed is-type-video is-provider-youtube wp-block-embed-youtube wp-embed-aspect-16-9 wp-has-aspect-ratio\"><div class=\"wp-block-embed__wrapper\">\n<iframe loading=\"lazy\" title=\"Fatiha Agag-Boudjahlat : &quot;On ne va d\u00e9fendre les enseignants que quand ils sont morts&quot;\" width=\"580\" height=\"326\" src=\"https:\/\/www.youtube.com\/embed\/2tk3C0imWpY?feature=oembed\" frameborder=\"0\" allow=\"accelerometer; autoplay; clipboard-write; encrypted-media; gyroscope; picture-in-picture\" allowfullscreen><\/iframe>\n<\/div><\/figure>\n\n\n\n<figure class=\"wp-block-embed is-type-video is-provider-youtube wp-block-embed-youtube wp-embed-aspect-16-9 wp-has-aspect-ratio\"><div class=\"wp-block-embed__wrapper\">\n<iframe loading=\"lazy\" title=\"Balance Ton Poste - Karim Zeribi contre le communautarisme sous toutes ses formes\" width=\"580\" height=\"326\" src=\"https:\/\/www.youtube.com\/embed\/Q7RYMraCXzo?feature=oembed\" frameborder=\"0\" allow=\"accelerometer; autoplay; clipboard-write; encrypted-media; gyroscope; picture-in-picture\" allowfullscreen><\/iframe>\n<\/div><\/figure>\n\n\n\n<figure class=\"wp-block-embed is-type-video is-provider-dailymotion wp-block-embed-dailymotion wp-embed-aspect-16-9 wp-has-aspect-ratio\"><div class=\"wp-block-embed__wrapper\">\n<iframe loading=\"lazy\" title=\"L\u2019Islam vu par les enfants : regards na\u00effs ou lucides ? - Un monde en docs (08\/11\/2019)\" frameborder=\"0\" width=\"580\" height=\"326\" src=\"https:\/\/www.dailymotion.com\/embed\/video\/x7nryou?pubtool=oembed\" allowfullscreen allow=\"autoplay\"><\/iframe>\n<\/div><\/figure>\n\n\n\n<p>21oct2020<\/p>\n\n\n\n<figure class=\"wp-block-embed is-type-video is-provider-youtube wp-block-embed-youtube wp-embed-aspect-16-9 wp-has-aspect-ratio\"><div class=\"wp-block-embed__wrapper\">\n<iframe loading=\"lazy\" title=\"&quot;L&#039;\u00c9ducation nationale, c&#039;est le temple des l\u00e2chet\u00e9s&quot;, assure Fatiha Agag-Boudjahlat\" width=\"580\" height=\"326\" src=\"https:\/\/www.youtube.com\/embed\/1JiGMveF8Sk?list=PLCx2yzVkUQQVgT7X_liRqDv9vn-0qPQpm\" frameborder=\"0\" allow=\"accelerometer; autoplay; clipboard-write; encrypted-media; gyroscope; picture-in-picture\" allowfullscreen><\/iframe>\n<\/div><\/figure>\n\n\n\n<figure class=\"wp-block-embed is-type-video is-provider-youtube wp-block-embed-youtube wp-embed-aspect-16-9 wp-has-aspect-ratio\"><div class=\"wp-block-embed__wrapper\">\n<iframe loading=\"lazy\" title=\"Fatiha Boudjahlat : &quot;On n&#039;a pas a dire que l&#039;Islam n&#039;est pas un probl\u00e8me&quot;.\" width=\"580\" height=\"326\" src=\"https:\/\/www.youtube.com\/embed\/QZafhVTVRAw?feature=oembed\" frameborder=\"0\" allow=\"accelerometer; autoplay; clipboard-write; encrypted-media; gyroscope; picture-in-picture\" allowfullscreen><\/iframe>\n<\/div><\/figure>\n\n\n\n<figure class=\"wp-block-embed is-type-video is-provider-dailymotion wp-block-embed-dailymotion wp-embed-aspect-16-9 wp-has-aspect-ratio\"><div class=\"wp-block-embed__wrapper\">\n<iframe loading=\"lazy\" title=\"L&#039;invit\u00e9e de l&#039;actu : Fatiha Agag-Boudjahlat - 19\/10\" frameborder=\"0\" width=\"580\" height=\"326\" src=\"https:\/\/www.dailymotion.com\/embed\/video\/x7wws6p?pubtool=oembed\" allowfullscreen allow=\"autoplay\"><\/iframe>\n<\/div><\/figure>\n\n\n\n<figure class=\"wp-block-embed is-type-video is-provider-dailymotion wp-block-embed-dailymotion wp-embed-aspect-16-9 wp-has-aspect-ratio\"><div class=\"wp-block-embed__wrapper\">\n<iframe loading=\"lazy\" title=\"Fatiha Boudjahlat, enseignante et essayiste assume le fait d&#039;\u00eatre Charlie 5 ans apr\u00e8s les attentats\" frameborder=\"0\" width=\"580\" height=\"326\" src=\"https:\/\/www.dailymotion.com\/embed\/video\/x7qawty?pubtool=oembed\" allowfullscreen allow=\"autoplay\"><\/iframe>\n<\/div><\/figure>\n\n\n\n<p>Les membres du collectif \u00abMamans en col\u00e8re\u00bb, portant pour la plupart le hijab, ont d\u00e9fil\u00e9 devant une \u00e9cole de Perpignan pour d\u00e9noncer \u00abl\u2019amendement raciste\u00bb de la loi Blanquer.<\/p>\n\n\n\n<figure class=\"wp-block-embed is-type-video is-provider-youtube wp-block-embed-youtube wp-embed-aspect-16-9 wp-has-aspect-ratio\"><div class=\"wp-block-embed__wrapper\">\n<iframe loading=\"lazy\" title=\"Fatiha Boudjahlat vs Romain Goupil : Voile et Ecole le nouveau bras de fer !\" width=\"580\" height=\"326\" src=\"https:\/\/www.youtube.com\/embed\/f4SCp0o8Rjo?list=PLmATsJ1_FghAniA_YqB51FyVUWnXxjYV2\" frameborder=\"0\" allow=\"accelerometer; autoplay; clipboard-write; encrypted-media; gyroscope; picture-in-picture\" allowfullscreen><\/iframe>\n<\/div><figcaption>30 oct 2019<\/figcaption><\/figure>\n\n\n\n<p><\/p>\n\n\n\n<p>Prix National de la La\u00efcite Mention sp\u00e9ciale &#8211; 5 nov 2019<\/p>\n\n\n\n<figure class=\"wp-block-embed is-type-video is-provider-youtube wp-block-embed-youtube wp-embed-aspect-16-9 wp-has-aspect-ratio\"><div class=\"wp-block-embed__wrapper\">\n<iframe loading=\"lazy\" title=\"Fatiha Boudjahlat : Prix National de la La\u00efcite Mention sp\u00e9ciale 2019\" width=\"580\" height=\"326\" src=\"https:\/\/www.youtube.com\/embed\/aX0Hjl96hRc?feature=oembed\" frameborder=\"0\" allow=\"accelerometer; autoplay; clipboard-write; encrypted-media; gyroscope; picture-in-picture\" allowfullscreen><\/iframe>\n<\/div><\/figure>\n\n\n\n<figure class=\"wp-block-embed is-type-video is-provider-youtube wp-block-embed-youtube wp-embed-aspect-16-9 wp-has-aspect-ratio\"><div class=\"wp-block-embed__wrapper\">\n<iframe loading=\"lazy\" title=\"Clash entre Romain Goupil et Boudjahlat sur le port du voile (LCI, 31\/05\/19, 19h13)\" width=\"580\" height=\"326\" src=\"https:\/\/www.youtube.com\/embed\/kV2vhnHWxDQ?feature=oembed\" frameborder=\"0\" allow=\"accelerometer; autoplay; clipboard-write; encrypted-media; gyroscope; picture-in-picture\" allowfullscreen><\/iframe>\n<\/div><\/figure>\n\n\n\n<p>Universit\u00e9 d&rsquo;Automne du Pardem \u00e0 Calais le 3 novembre 2018<\/p>\n\n\n\n<figure class=\"wp-block-embed is-type-video is-provider-youtube wp-block-embed-youtube wp-embed-aspect-16-9 wp-has-aspect-ratio\"><div class=\"wp-block-embed__wrapper\">\n<iframe loading=\"lazy\" title=\"Lier combats social, la\u00efque et politique. Fatiha BOUDJAHLAT\" width=\"580\" height=\"326\" src=\"https:\/\/www.youtube.com\/embed\/s4rqfGxzsgE?feature=oembed\" frameborder=\"0\" allow=\"accelerometer; autoplay; clipboard-write; encrypted-media; gyroscope; picture-in-picture\" allowfullscreen><\/iframe>\n<\/div><\/figure>\n\n\n\n<p><\/p>\n\n\n\n<p><\/p>\n\n\n\n<p>27\/10\/18<\/p>\n\n\n\n<figure class=\"wp-block-embed is-type-video is-provider-youtube wp-block-embed-youtube wp-embed-aspect-16-9 wp-has-aspect-ratio\"><div class=\"wp-block-embed__wrapper\">\n<iframe loading=\"lazy\" title=\"La\u00efcit\u00e9, \u00e9galit\u00e9, f\u00e9minisme, universalisme, les mots d\u00e9tourn\u00e9s ? avec Fatiha BOUDJAHLAT\" width=\"580\" height=\"326\" src=\"https:\/\/www.youtube.com\/embed\/s6ktiPgXbns?feature=oembed\" frameborder=\"0\" allow=\"accelerometer; autoplay; clipboard-write; encrypted-media; gyroscope; picture-in-picture\" allowfullscreen><\/iframe>\n<\/div><\/figure>\n\n\n\n<p><\/p>\n\n\n\n<p>Rencontre des lecteurs du r\u00e9seau Rn&rsquo;Bi \u00ab\u00a0Les outils d\u2019\u00e9mancipation \u00e0 offrir \u00e0 la jeunesse d\u2019aujourd\u2019hui\u00a0\u00bb <br>Biblioth\u00e8que Parment le samedi 14 avril 2018.<\/p>\n\n\n\n<figure class=\"wp-block-embed is-type-video is-provider-youtube wp-block-embed-youtube wp-embed-aspect-16-9 wp-has-aspect-ratio\"><div class=\"wp-block-embed__wrapper\">\n<iframe loading=\"lazy\" title=\"Rencontre avec Fatiha Agag-Boudjahlat\" width=\"580\" height=\"326\" src=\"https:\/\/www.youtube.com\/embed\/-Abuj-gJIyE?feature=oembed\" frameborder=\"0\" allow=\"accelerometer; autoplay; clipboard-write; encrypted-media; gyroscope; picture-in-picture\" allowfullscreen><\/iframe>\n<\/div><\/figure>\n\n\n\n<p><\/p>\n\n\n\n<figure class=\"wp-block-video\"><video controls src=\"http:\/\/blvids.free.fr\/Feminisme_Fatiha_Agag-Boudjahlat.mp4\"><\/video><\/figure>\n\n\n\n<figure class=\"wp-block-embed is-type-video is-provider-youtube wp-block-embed-youtube wp-embed-aspect-16-9 wp-has-aspect-ratio\"><div class=\"wp-block-embed__wrapper\">\n<iframe loading=\"lazy\" title=\"08.02.18 - INTEGRALE - Elisabeth Badinter, Georges Vigarello, Fatiha Agag-Boudjahlat...\" width=\"580\" height=\"326\" src=\"https:\/\/www.youtube.com\/embed\/m1n_UUeCSD4?feature=oembed\" frameborder=\"0\" allow=\"accelerometer; autoplay; clipboard-write; encrypted-media; gyroscope; picture-in-picture\" allowfullscreen><\/iframe>\n<\/div><\/figure>\n\n\n\n<p><\/p>\n\n\n\n<p><\/p>\n\n\n\n<figure class=\"wp-block-embed is-type-video is-provider-youtube wp-block-embed-youtube wp-embed-aspect-16-9 wp-has-aspect-ratio\"><div class=\"wp-block-embed__wrapper\">\n<iframe loading=\"lazy\" title=\"Lire la politique \/Laurence Goldmann re\u00e7oit Fatiha Agag-Boudjahlat sur RCJ\" width=\"580\" height=\"326\" src=\"https:\/\/www.youtube.com\/embed\/y0fdg-RIMOQ?feature=oembed\" frameborder=\"0\" allow=\"accelerometer; autoplay; clipboard-write; encrypted-media; gyroscope; picture-in-picture\" allowfullscreen><\/iframe>\n<\/div><\/figure>\n\n\n\n<p><\/p>\n\n\n\n<figure class=\"wp-block-embed is-type-video is-provider-youtube wp-block-embed-youtube wp-embed-aspect-16-9 wp-has-aspect-ratio\"><div class=\"wp-block-embed__wrapper\">\n<iframe loading=\"lazy\" title=\"Fatiha Boudjahlat, tol\u00e9rance molle pour communautarisme dur\" width=\"580\" height=\"326\" src=\"https:\/\/www.youtube.com\/embed\/Wv6BgUMbnmY?feature=oembed\" frameborder=\"0\" allow=\"accelerometer; autoplay; clipboard-write; encrypted-media; gyroscope; picture-in-picture\" allowfullscreen><\/iframe>\n<\/div><\/figure>\n\n\n\n<p>Conf\u00e9rence UNC du 8 d\u00e9cembre 2017<\/p>\n\n\n\n<figure class=\"wp-block-embed is-type-video is-provider-youtube wp-block-embed-youtube wp-embed-aspect-16-9 wp-has-aspect-ratio\"><div class=\"wp-block-embed__wrapper\">\n<iframe loading=\"lazy\" title=\"Conf\u00e9rence de Fatiha Boudjahlat du 8 d\u00e9cembre 2017.\" width=\"580\" height=\"326\" src=\"https:\/\/www.youtube.com\/embed\/8dqcV2VV-LY?list=PLNAwpv9_-5xoDivTDfRdyme0QbAUpamW0\" frameborder=\"0\" allow=\"accelerometer; autoplay; clipboard-write; encrypted-media; gyroscope; picture-in-picture\" allowfullscreen><\/iframe>\n<\/div><\/figure>\n\n\n\n<p>Colloque AFPEAH du 25\/03\/2017 \u00ab Pour une Ecole de l&rsquo;exigence \u00bb<\/p>\n\n\n\n<figure class=\"wp-block-embed is-type-video is-provider-youtube wp-block-embed-youtube wp-embed-aspect-16-9 wp-has-aspect-ratio\"><div class=\"wp-block-embed__wrapper\">\n<iframe loading=\"lazy\" title=\"Colloque 25\/03\/2017 : Fatiha Boudjahlat\" width=\"580\" height=\"326\" src=\"https:\/\/www.youtube.com\/embed\/_QtP9gRhKHc?list=PLN9pjYMB6mUPGImpBdhdvhdaVzjQPJCzN\" frameborder=\"0\" allow=\"accelerometer; autoplay; clipboard-write; encrypted-media; gyroscope; picture-in-picture\" allowfullscreen><\/iframe>\n<\/div><\/figure>\n\n\n\n<p><\/p>\n\n\n\n<p>colloque \u00ab Tol\u00e9rance et la\u00efcit\u00e9 \u00bb organis\u00e9 par la Libre pens\u00e9e de l\u2019Oise 2 d\u00e9cembre 2016<\/p>\n\n\n\n<figure class=\"wp-block-embed is-type-video is-provider-youtube wp-block-embed-youtube wp-embed-aspect-16-9 wp-has-aspect-ratio\"><div class=\"wp-block-embed__wrapper\">\n<iframe loading=\"lazy\" title=\"Fatiha Boudjahlat, tol\u00e9rance molle pour communautarisme dur\" width=\"580\" height=\"326\" src=\"https:\/\/www.youtube.com\/embed\/Wv6BgUMbnmY?list=PLRWG0gVsOTIMYp2zMDbT8YfurN5zlTKjm\" frameborder=\"0\" allow=\"accelerometer; autoplay; clipboard-write; encrypted-media; gyroscope; picture-in-picture\" allowfullscreen><\/iframe>\n<\/div><\/figure>\n\n\n\n<p>\u00ab\u00a0La R\u00e9publique la\u00efque et sociale en danger\u00a0\u00bb &#8211; Table ronde : L&rsquo;\u00e9cole &#8211; 26 Novembre 2016, Mairie du 3\u00e8me &#8211; Paris<\/p>\n\n\n\n<figure class=\"wp-block-embed is-type-video is-provider-youtube wp-block-embed-youtube wp-embed-aspect-4-3 wp-has-aspect-ratio\"><div class=\"wp-block-embed__wrapper\">\n<iframe loading=\"lazy\" title=\"Fatiha Boudjahlat - La R\u00e9publique la\u00efque et sociale en danger - 26 novembre 2016\" width=\"580\" height=\"435\" src=\"https:\/\/www.youtube.com\/embed\/zgWniBzy5WI?list=PLlBRw8FZA56dDappApJBPwGYwQ5p0rSF3\" frameborder=\"0\" allow=\"accelerometer; autoplay; clipboard-write; encrypted-media; gyroscope; picture-in-picture\" allowfullscreen><\/iframe>\n<\/div><\/figure>\n\n\n\n<p>Colloque \u00ab\u00a0Faux amis de la la\u00efcit\u00e9 et idiots utiles\u00a0\u00bb &#8211; Fatiha Boudjahlat 7 nov. 2016<\/p>\n\n\n\n<figure class=\"wp-block-embed is-type-video is-provider-youtube wp-block-embed-youtube wp-embed-aspect-16-9 wp-has-aspect-ratio\"><div class=\"wp-block-embed__wrapper\">\n<iframe loading=\"lazy\" title=\"Colloque &quot;Faux amis de la la\u00efcit\u00e9 et idiots utiles&quot; - Fatiha Boudjahlat\" width=\"580\" height=\"326\" src=\"https:\/\/www.youtube.com\/embed\/-qqrrYO9qXs?list=PLBWOjuyZLbwOSW4oSlpH2Yrg4_LBae91w\" frameborder=\"0\" allow=\"accelerometer; autoplay; clipboard-write; encrypted-media; gyroscope; picture-in-picture\" allowfullscreen><\/iframe>\n<\/div><\/figure>\n\n\n\n<p><\/p>\n\n\n\n<p>Table ronde du Collectif Condorcet du 24.09.16 \u00ab\u00a0Pour une autre refondation de l&rsquo;\u00e9cole\u00a0\u00bb<\/p>\n\n\n\n<figure class=\"wp-block-embed is-type-video is-provider-youtube wp-block-embed-youtube wp-embed-aspect-16-9 wp-has-aspect-ratio\"><div class=\"wp-block-embed__wrapper\">\n<iframe loading=\"lazy\" title=\"Table ronde du Collectif Condorcet, 24.09.16 : Fatiha BOUDJAHLAT\" width=\"580\" height=\"326\" src=\"https:\/\/www.youtube.com\/embed\/a0vGuVenCAs?list=PLFX-aXvFoXxme9ReI7xUraFIxVzzzHfrh\" frameborder=\"0\" allow=\"accelerometer; autoplay; clipboard-write; encrypted-media; gyroscope; picture-in-picture\" allowfullscreen><\/iframe>\n<\/div><\/figure>\n","protected":false},"excerpt":{"rendered":"<p>https:\/\/www.europe1.fr\/emissions\/Le-club-de-la-presse\/composition-du-nouveau-gouvernement-delisabeth-borne-le-debat-de-charlotte-dornellas-david-revault-dallonnes-et-fatiha-agag-boudjahlat-4112338 Comm\u00e9moration des 10 ans des attentats islamistes de Toulouse et Montauban. Texte de l&rsquo;intervention lors de la comm\u00e9moration de l\u2019attentat contre Ozar Torah : https:\/\/www.marianne.net\/agora\/tribunes-libres\/jai-peur-que-mes-eleves-sidentifient-au-tueur-lhommage-de-fatiha-boudjahlat-aux-victimes-de-merah 19 avril 2021 19 f\u00e9v 2021 21oct2020 Les membres du collectif \u00abMamans en col\u00e8re\u00bb, portant pour la plupart le hijab, ont d\u00e9fil\u00e9 devant une \u00e9cole de Perpignan pour d\u00e9noncer [&hellip;]<\/p>\n","protected":false},"author":2,"featured_media":0,"parent":0,"menu_order":0,"comment_status":"closed","ping_status":"closed","template":"","meta":[],"_links":{"self":[{"href":"https:\/\/fatiha2022.fr\/index.php\/wp-json\/wp\/v2\/pages\/331"}],"collection":[{"href":"https:\/\/fatiha2022.fr\/index.php\/wp-json\/wp\/v2\/pages"}],"about":[{"href":"https:\/\/fatiha2022.fr\/index.php\/wp-json\/wp\/v2\/types\/page"}],"author":[{"embeddable":true,"href":"https:\/\/fatiha2022.fr\/index.php\/wp-json\/wp\/v2\/users\/2"}],"replies":[{"embeddable":true,"href":"https:\/\/fatiha2022.fr\/index.php\/wp-json\/wp\/v2\/comments?post=331"}],"version-history":[{"count":56,"href":"https:\/\/fatiha2022.fr\/index.php\/wp-json\/wp\/v2\/pages\/331\/revisions"}],"predecessor-version":[{"id":725,"href":"https:\/\/fatiha2022.fr\/index.php\/wp-json\/wp\/v2\/pages\/331\/revisions\/725"}],"wp:attachment":[{"href":"https:\/\/fatiha2022.fr\/index.php\/wp-json\/wp\/v2\/media?parent=331"}],"curies":[{"name":"wp","href":"https:\/\/api.w.org\/{rel}","templated":true}]}}